{"id":2,"date":"2025-10-16T11:40:39","date_gmt":"2025-10-16T09:40:39","guid":{"rendered":"https:\/\/adi-ogrodzenia.pl\/?page_id=2"},"modified":"2025-10-28T15:21:21","modified_gmt":"2025-10-28T14:21:21","slug":"przykladowa-strona","status":"publish","type":"page","link":"https:\/\/adi-ogrodzenia.pl\/?page_id=2","title":{"rendered":"KONTAKT"},"content":{"rendered":"\n<p>Skontaktuj si\u0119 z nami ju\u017c dzi\u015b.<\/p>\n\n\n\n<p><strong>\ud83d\udcde48 535 697 679<\/strong><\/p>\n\n\n\n<p>Masz pytania, potrzebujesz wyceny lub chcesz um\u00f3wi\u0107 termin monta\u017cu?<br>Doradzimy i przygotujemy ofert\u0119 dopasowan\u0105 do Twoich potrzeb.<\/p>\n\n\n\n<figure class=\"wp-block-gallery has-nested-images columns-default is-cropped wp-block-gallery-1 is-layout-flex wp-block-gallery-is-layout-flex\">\n<figure class=\"wp-block-image size-large\"><img loading=\"lazy\" decoding=\"async\" width=\"851\" height=\"315\" data-id=\"114\" src=\"https:\/\/adi-ogrodzenia.pl\/wp-content\/uploads\/2025\/10\/Niebieskie-tlo-7-1.png\" alt=\"\" class=\"wp-image-114\" srcset=\"https:\/\/adi-ogrodzenia.pl\/wp-content\/uploads\/2025\/10\/Niebieskie-tlo-7-1.png 851w, https:\/\/adi-ogrodzenia.pl\/wp-content\/uploads\/2025\/10\/Niebieskie-tlo-7-1-300x111.png 300w, https:\/\/adi-ogrodzenia.pl\/wp-content\/uploads\/2025\/10\/Niebieskie-tlo-7-1-768x284.png 768w\" sizes=\"auto, (max-width: 851px) 100vw, 851px\" \/><\/figure>\n<\/figure>\n\n\n\n<hr class=\"wp-block-separator has-alpha-channel-opacity\"\/>\n\n\n\n<p><strong>A.D.I. Ogrodzenia \u2022 Bramy \u2022 Furtki<\/strong><\/p>\n\n\n\n<p><br>\ud83d\udcde <strong>Telefon:<\/strong> <a>535 697 679<\/a><br>\u2709\ufe0f <strong>E-mail:<\/strong> <a>kontakt@adi-ogrodzenia.pl<\/a><\/p>\n\n\n\n<p><\/p>\n\n\n\n<blockquote class=\"wp-block-quote is-layout-flow wp-block-quote-is-layout-flow\">\n<p>\ud83d\udd53 <strong>Godziny kontaktu:<\/strong><br>Poniedzia\u0142ek \u2013 Pi\u0105tek: 8:00\u201318:00<br>Sobota: 9:00\u201314:00<\/p>\n<\/blockquote>\n\n\n\n<figure class=\"wp-block-gallery has-nested-images columns-default is-cropped wp-block-gallery-2 is-layout-flex wp-block-gallery-is-layout-flex\"><\/figure>\n\n\n\n<blockquote class=\"wp-block-quote is-layout-flow wp-block-quote-is-layout-flow\">\n<p>Zobacz, jakie rozwi\u0105zania oferujemy i zainspiruj si\u0119 naszymi realizacjami. A potem zadzwo\u0144 do nas, napisz, zapytaj.<br>Pomo\u017cemy, doradzimy i razem stworzymy ogrodzenie, kt\u00f3re b\u0119dzie nie tylko praktyczne, ale i pi\u0119kne \ud83d\ude0d<br><\/p>\n<\/blockquote>\n\n\n\n<p><mark style=\"background-color:rgba(0, 0, 0, 0)\" class=\"has-inline-color has-contrast-color\">Twoja posesja zas\u0142uguje na najlepsz\u0105 opraw\u0119!<\/mark><\/p>\n\n\n\n<figure class=\"wp-block-gallery has-nested-images columns-default is-cropped wp-block-gallery-3 is-layout-flex wp-block-gallery-is-layout-flex\">\n<figure class=\"wp-block-image size-large\"><img loading=\"lazy\" decoding=\"async\" width=\"500\" height=\"500\" data-id=\"46\" src=\"https:\/\/adi-ogrodzenia.pl\/wp-content\/uploads\/2025\/10\/57.png\" alt=\"\" class=\"wp-image-46\" srcset=\"https:\/\/adi-ogrodzenia.pl\/wp-content\/uploads\/2025\/10\/57.png 500w, https:\/\/adi-ogrodzenia.pl\/wp-content\/uploads\/2025\/10\/57-300x300.png 300w, https:\/\/adi-ogrodzenia.pl\/wp-content\/uploads\/2025\/10\/57-150x150.png 150w\" sizes=\"auto, (max-width: 500px) 100vw, 500px\" \/><figcaption class=\"wp-element-caption\">Ogrodzenie panelowe<\/figcaption><\/figure>\n\n\n\n<figure class=\"wp-block-image size-large\"><img loading=\"lazy\" decoding=\"async\" width=\"500\" height=\"500\" data-id=\"38\" src=\"https:\/\/adi-ogrodzenia.pl\/wp-content\/uploads\/2025\/10\/49.png\" alt=\"\" class=\"wp-image-38\" srcset=\"https:\/\/adi-ogrodzenia.pl\/wp-content\/uploads\/2025\/10\/49.png 500w, https:\/\/adi-ogrodzenia.pl\/wp-content\/uploads\/2025\/10\/49-300x300.png 300w, https:\/\/adi-ogrodzenia.pl\/wp-content\/uploads\/2025\/10\/49-150x150.png 150w\" sizes=\"auto, (max-width: 500px) 100vw, 500px\" \/><figcaption class=\"wp-element-caption\">Brama<\/figcaption><\/figure>\n\n\n\n<figure class=\"wp-block-image size-large\"><img loading=\"lazy\" decoding=\"async\" width=\"500\" height=\"500\" data-id=\"32\" src=\"https:\/\/adi-ogrodzenia.pl\/wp-content\/uploads\/2025\/10\/43.png\" alt=\"\" class=\"wp-image-32\" srcset=\"https:\/\/adi-ogrodzenia.pl\/wp-content\/uploads\/2025\/10\/43.png 500w, https:\/\/adi-ogrodzenia.pl\/wp-content\/uploads\/2025\/10\/43-300x300.png 300w, https:\/\/adi-ogrodzenia.pl\/wp-content\/uploads\/2025\/10\/43-150x150.png 150w\" sizes=\"auto, (max-width: 500px) 100vw, 500px\" \/><figcaption class=\"wp-element-caption\">Ogrodzenie z siatki<\/figcaption><\/figure>\n\n\n\n<figure class=\"wp-block-image size-large\"><img loading=\"lazy\" decoding=\"async\" width=\"500\" height=\"500\" data-id=\"34\" src=\"https:\/\/adi-ogrodzenia.pl\/wp-content\/uploads\/2025\/10\/45.png\" alt=\"\" class=\"wp-image-34\" srcset=\"https:\/\/adi-ogrodzenia.pl\/wp-content\/uploads\/2025\/10\/45.png 500w, https:\/\/adi-ogrodzenia.pl\/wp-content\/uploads\/2025\/10\/45-300x300.png 300w, https:\/\/adi-ogrodzenia.pl\/wp-content\/uploads\/2025\/10\/45-150x150.png 150w\" sizes=\"auto, (max-width: 500px) 100vw, 500px\" \/><figcaption class=\"wp-element-caption\">Ogrodzenie panelowe<\/figcaption><\/figure>\n\n\n\n<figure class=\"wp-block-image size-large\"><img loading=\"lazy\" decoding=\"async\" width=\"500\" height=\"500\" data-id=\"21\" src=\"https:\/\/adi-ogrodzenia.pl\/wp-content\/uploads\/2025\/10\/31.png\" alt=\"\" class=\"wp-image-21\" srcset=\"https:\/\/adi-ogrodzenia.pl\/wp-content\/uploads\/2025\/10\/31.png 500w, https:\/\/adi-ogrodzenia.pl\/wp-content\/uploads\/2025\/10\/31-300x300.png 300w, https:\/\/adi-ogrodzenia.pl\/wp-content\/uploads\/2025\/10\/31-150x150.png 150w\" sizes=\"auto, (max-width: 500px) 100vw, 500px\" \/><figcaption class=\"wp-element-caption\">Ogrodzenie panelowe<\/figcaption><\/figure>\n\n\n\n<figure class=\"wp-block-image size-large\"><img loading=\"lazy\" decoding=\"async\" width=\"500\" height=\"500\" data-id=\"22\" src=\"https:\/\/adi-ogrodzenia.pl\/wp-content\/uploads\/2025\/10\/32.png\" alt=\"\" class=\"wp-image-22\" srcset=\"https:\/\/adi-ogrodzenia.pl\/wp-content\/uploads\/2025\/10\/32.png 500w, https:\/\/adi-ogrodzenia.pl\/wp-content\/uploads\/2025\/10\/32-300x300.png 300w, https:\/\/adi-ogrodzenia.pl\/wp-content\/uploads\/2025\/10\/32-150x150.png 150w\" sizes=\"auto, (max-width: 500px) 100vw, 500px\" \/><figcaption class=\"wp-element-caption\">Brama<\/figcaption><\/figure>\n<\/figure>\n\n\n\n<div class=\"wp-block-group alignfull has-global-padding is-layout-constrained wp-container-core-group-is-layout-0c9c989a wp-block-group-is-layout-constrained\" style=\"min-height:0vh;margin-top:0;margin-bottom:0;padding-top:var(--wp--preset--spacing--70);padding-right:var(--wp--preset--spacing--40);padding-bottom:var(--wp--preset--spacing--70);padding-left:var(--wp--preset--spacing--40)\">\n<div class=\"wp-block-group has-global-padding is-layout-constrained wp-container-core-group-is-layout-346627ba wp-block-group-is-layout-constrained\">\n<h2 class=\"wp-block-heading has-text-align-center has-xx-large-font-size\" style=\"margin-right:0;margin-left:0;padding-right:0;padding-left:0\">Porozmawiajmy<\/h2>\n\n\n\n<p class=\"has-text-align-center\"><\/p>\n\n\n\n<div class=\"wp-block-buttons is-content-justification-center is-layout-flex wp-container-core-buttons-is-layout-a89b3969 wp-block-buttons-is-layout-flex\">\n<div class=\"wp-block-button\"><a class=\"wp-block-button__link wp-element-button\" href=\"https:\/\/adi-ogrodzenia.pl\/?page_id=2\">Zadzwo\u0144<\/a><\/div>\n<\/div>\n<\/div>\n<\/div>\n","protected":false},"excerpt":{"rendered":"<p>Skontaktuj si\u0119 z nami ju\u017c dzi\u015b. \ud83d\udcde48 535 697 679 Masz pytania, potrzebujesz wyceny lub chcesz um\u00f3wi\u0107 termin monta\u017cu?Doradzimy i przygotujemy ofert\u0119 dopasowan\u0105 do Twoich potrzeb. A.D.I. Ogrodzenia \u2022 Bramy \u2022 Furtki \ud83d\udcde Telefon: 535 697 679\u2709\ufe0f E-mail: kontakt@adi-ogrodzenia.pl \ud83d\udd53 Godziny kontaktu:Poniedzia\u0142ek \u2013 Pi\u0105tek: 8:00\u201318:00Sobota: 9:00\u201314:00 Zobacz, jakie rozwi\u0105zania oferujemy i zainspiruj si\u0119 naszymi realizacjami. [&hellip;]<\/p>\n","protected":false},"author":1,"featured_media":0,"parent":0,"menu_order":0,"comment_status":"closed","ping_status":"closed","template":"","meta":{"footnotes":""},"class_list":["post-2","page","type-page","status-publish","hentry"],"_links":{"self":[{"href":"https:\/\/adi-ogrodzenia.pl\/index.php?rest_route=\/wp\/v2\/pages\/2","targetHints":{"allow":["GET"]}}],"collection":[{"href":"https:\/\/adi-ogrodzenia.pl\/index.php?rest_route=\/wp\/v2\/pages"}],"about":[{"href":"https:\/\/adi-ogrodzenia.pl\/index.php?rest_route=\/wp\/v2\/types\/page"}],"author":[{"embeddable":true,"href":"https:\/\/adi-ogrodzenia.pl\/index.php?rest_route=\/wp\/v2\/users\/1"}],"replies":[{"embeddable":true,"href":"https:\/\/adi-ogrodzenia.pl\/index.php?rest_route=%2Fwp%2Fv2%2Fcomments&post=2"}],"version-history":[{"count":9,"href":"https:\/\/adi-ogrodzenia.pl\/index.php?rest_route=\/wp\/v2\/pages\/2\/revisions"}],"predecessor-version":[{"id":118,"href":"https:\/\/adi-ogrodzenia.pl\/index.php?rest_route=\/wp\/v2\/pages\/2\/revisions\/118"}],"wp:attachment":[{"href":"https:\/\/adi-ogrodzenia.pl\/index.php?rest_route=%2Fwp%2Fv2%2Fmedia&parent=2"}],"curies":[{"name":"wp","href":"https:\/\/api.w.org\/{rel}","templated":true}]}}